{"version":"1.0","provider_name":"Ir\u00e1ny...","provider_url":"https:\/\/irany.cafeblog.hu","author_name":"Cs. Enik\u0151","author_url":"https:\/\/irany.cafeblog.hu\/author\/cs_eniko\/","title":"Ir\u00e1ny... M\u00f6lltaler Gletscher","html":"<p style=\"text-align: justify\">2015. j\u00falius 11, Ir\u00e1ny... M\u00f6lltaler Gletscher<\/p>\r\n<p style=\"text-align: justify\">\u00a0\u00a0 Ez az a nap amit nagyon-nagyon v\u00e1rtak a gyerekek, havas helyre megy\u00fcnk ny\u00e1ron. Ez sok k\u00e9rd\u00e9st vetett fel a gyerekekben, \u00e9s \u00fagy gondoltuk a f\u00e9rjemmel, hogy a legjobb magyar\u00e1zat a saj\u00e1t tapasztalat, hogy ne csak besz\u00e9lj\u00fcnk r\u00f3la, hanem l\u00e1ss\u00e1k is, hogy igen, l\u00e9teznek olyan helyek, ahol ny\u00e1ron sem olvad el a h\u00f3.<\/p>\r\n<p style=\"text-align: justify\"><a href=\"https:\/\/irany.cafeblog.hu\/files\/2016\/03\/Moltaler-glecser-copy.jpg\"><img class=\"aligncenter size-large wp-image-306\" src=\"https:\/\/irany.cafeblog.hu\/files\/2016\/03\/Moltaler-glecser-copy-600x193.jpg\" alt=\"Moltaler glecser copy\" width=\"600\" height=\"193\" \/><\/a><\/p>\r\n<p style=\"text-align: justify\">\u00a0\u00a0 Innerkremst\u0151l (ahol a <a href=\"https:\/\/irany.cafeblog.hu\/2016\/02\/29\/irany-innerkrems\/\" target=\"_blank\">sz\u00e1ll\u00e1sunk<\/a> volt) a <a href=\"http:\/\/www.gletscher.co.at\/\" target=\"_blank\">M\u00f6lltaler Gletscher<\/a> l\u00e1b\u00e1ig kb. 80 km az \u00fat, amit mi \u00fagy 1.30 \u00f3ra alatt tett\u00fcnk meg. Amikor meg\u00e9rkezt\u00fcnk a v\u00f6lgy\u00e1llom\u00e1shoz 10.45 \u00f3r\u00e1ra a nagy parkol\u00f3 m\u00e1r el\u00e9g zs\u00fafolt volt.\u00a0 A p\u00e9nzt\u00e1rn\u00e1l viszont el\u00e9g gyorsan ment a kiszolg\u00e1l\u00e1s. A cs\u00facshoz h\u00e1rom felvon\u00f3val lehet feljutni, az els\u0151 k\u00e9t felvon\u00f3ra Karintia k\u00e1rty\u00e1val ingyenes, a harmadik d\u00edjk\u00f6teles \u00e9s el\u00e9g dr\u00e1g\u00e1nak gondoltuk (de lehet mi \u00e9rtett\u00fck f\u00e9lre \u00e9s az \u00e1r a 3 felvon\u00f3 d\u00edj\u00e1t tartalmazta), ez\u00e9rt csak az els\u0151 kett\u0151re v\u00e1ltottunk jegyet, ha majd \u00fagy gondoljuk fent a m\u00e1sodik meg\u00e1ll\u00f3n\u00e1l, hogy feljebb menn\u00e9nk, akkor ott is lehet jegyet v\u00e1ltani.<\/p>\r\n<p style=\"text-align: justify\">\u00a0\u00a0 Az els\u0151 szakasz 1200 m-r\u0151l 2200 m-ig 8 perc alatt visz fel a m\u00e1sodik szakaszig f\u00f6ld alatti sikl\u00f3val (olyasmi mint a metr\u00f3). Mi itt m\u00e1r sz\u00e1lltunk is \u00e1t a gondolafelvon\u00f3ba ami felvitt a hegymeg\u00e1ll\u00f3ig 2800 m magasra. Itt +16 C\u00b0 naps\u00fct\u00e9ses, de szeles id\u0151 fogadott. Itt gyorsan fel\u00f6lt\u00f6zt\u00fcnk, majd a gyermekek birtokba vett\u00e9k a havat. A f\u00e9rjem fel akart menni a harmadik szakaszra ami 3122 m-en van, de gyalog, viszont \u00e9n nem tartottam j\u00f3 \u00f6tletnek, ez\u00e9rt \u0151 egyed\u00fcl ment fel a Schareck cs\u00facsig. 1 \u00f3ra alatt tette meg az utat felfel\u00e9, k\u00e9sz\u00edtett egy p\u00e1r fot\u00f3t \u00e9s 45 perc alatt \u00e9rt vissza hozz\u00e1nk, a gyerekek addig h\u00f3goly\u00f3ztak, v\u00e1rat \u00e9p\u00edtettek. Ezek ut\u00e1n siett\u00fcnk vissza az aut\u00f3nkhoz \u00e1t\u00f6lt\u00f6zni, mert el\u00e9gg\u00e9 \u00e1t\u00e1ztak a gyerekek. Nem \u00edgy tervezt\u00fck, mert lett volna mit megn\u00e9zni b\u0151ven, pl. a hegyi tavakat, az egykori aranyb\u00e1nya eml\u00e9k\u00e9t \u0151rz\u0151 kunyh\u00f3t \u00e9s t\u00e1rn\u00e1t, valamint kellemes t\u00farautak vannak kialak\u00edtva. Amit megfogadtunk, hogy ide m\u00e9g majd egyszer vissza kell j\u00f6jj\u00fcnk, ha errefel\u00e9 j\u00e1runk, mert \u00fagy \u00e9rezz\u00fck nem siker\u00fclt bej\u00e1rjuk a k\u00f6rny\u00e9ket.<\/p>\r\n<p style=\"text-align: justify\"><a href=\"https:\/\/irany.cafeblog.hu\/files\/2016\/03\/panorama-021-copy.jpg\"><img class=\"aligncenter size-large wp-image-307\" src=\"https:\/\/irany.cafeblog.hu\/files\/2016\/03\/panorama-021-copy-600x231.jpg\" alt=\"panorama 021 copy\" width=\"600\" height=\"231\" \/><\/a><\/p>\r\n<p style=\"text-align: justify\">\u00a0\u00a0 A vacsor\u00e1nk: sajtpog\u00e1cs\u00e1s marhah\u00fasleves, cs\u00fcl\u00f6k s\u00fclt, hagym\u00e1s marhah\u00fas, s\u00fclt csirkecomb, b\u00e9csi szelet, f\u0151tt burgonya...; desszert\u00fcnk: eredeti osztr\u00e1k alm\u00e1s r\u00e9tes (apfelstrudel) van\u00edlia\u00f6ntettel.<\/p>\r\n<p style=\"text-align: justify\">\u00a0\u00a0 A k\u00f6vetkez\u0151 \u00fati c\u00e9l megint egy panor\u00e1ma\u00fat lesz, ir\u00e1ny...<\/p>\r\n<p style=\"text-align: justify\">\u00a0\u00a0 M\u00e9g t\u00f6bb fot\u00f3t itt l\u00e1thattok :)<\/p>\r\n<p style=\"text-align: justify\">\u00a0<\/p>\r\n<p>[gallery ids=\"284,286,285,287,288,300,289,290,291,292,293,295,294,309,308,307,306,305,304,303,302,301,296,298,297,299\"]<\/p>","type":"rich","thumbnail_url":"https:\/\/irany.cafeblog.hu\/files\/2016\/03\/tajak-005-copy-150x150.jpg","thumbnail_width":150,"thumbnail_height":150}